{"id":23412,"date":"2021-01-20T22:45:13","date_gmt":"2021-01-20T22:45:13","guid":{"rendered":"https:\/\/para-llevar.esment.org\/cafe-es-pes-de-sa-palla\/?page_id=23412"},"modified":"2021-03-02T22:59:00","modified_gmt":"2021-03-02T21:59:00","slug":"politica-de-privacidad","status":"publish","type":"page","link":"https:\/\/para-llevar.esment.org\/cafe-es-pes-de-sa-palla\/politica-de-privacidad\/","title":{"rendered":"Pol\u00edtica de privacidad"},"content":{"rendered":"<div class=\"fusion-fullwidth fullwidth-box fusion-builder-row-1 fusion-flex-container nonhundred-percent-fullwidth non-hundred-percent-height-scrolling\" style=\"--awb-border-radius-top-left:0px;--awb-border-radius-top-right:0px;--awb-border-radius-bottom-right:0px;--awb-border-radius-bottom-left:0px;--awb-flex-wrap:wrap;\" ><div class=\"fusion-builder-row fusion-row fusion-flex-align-items-flex-start fusion-flex-content-wrap\" style=\"max-width:1216.8px;margin-left: calc(-4% \/ 2 );margin-right: calc(-4% \/ 2 );\"><div class=\"fusion-layout-column fusion_builder_column fusion-builder-column-0 fusion_builder_column_1_1 1_1 fusion-flex-column\" style=\"--awb-bg-size:cover;--awb-width-large:100%;--awb-margin-top-large:15px;--awb-spacing-right-large:1.92%;--awb-margin-bottom-large:15px;--awb-spacing-left-large:1.92%;--awb-width-medium:100%;--awb-order-medium:0;--awb-spacing-right-medium:1.92%;--awb-spacing-left-medium:1.92%;--awb-width-small:100%;--awb-order-small:0;--awb-spacing-right-small:1.92%;--awb-spacing-left-small:1.92%;\"><div class=\"fusion-column-wrapper fusion-column-has-shadow fusion-flex-justify-content-flex-start fusion-content-layout-column\"><div class=\"fusion-text fusion-text-1\"><p><span style=\"background-color: rgba(255, 255, 255, 0); color: var(--body_typography-color); font-family: var(--body_typography-font-family); font-size: var(--body_typography-font-size); font-style: var(--body_typography-font-style,normal); font-weight: var(--body_typography-font-weight); letter-spacing: var(--body_typography-letter-spacing);\">\u00daltima modificaci\u00f3n: 26 de febrero del 2021<\/span><\/p>\n<p>Por favor, lea esta pol\u00edtica detenidamente. En ella encontrar\u00e1 informaci\u00f3n importante sobre el tratamiento de sus datos personales y los derechos que le reconoce la normativa vigente en la materia.<\/p>\n<p>Nos reservamos el derecho de actualizar nuestra pol\u00edtica de privacidad en cualquier momento con motivo de decisiones empresariales, as\u00ed como para cumplir con eventuales cambios legislativos o jurisprudenciales. Si tiene dudas o necesita cualquier aclaraci\u00f3n respecto a nuestra Pol\u00edtica de privacidad o a sus derechos, puede contactar con nosotros a trav\u00e9s de los canales que se indican m\u00e1s abajo.<\/p>\n<p>De manera general, los campos de nuestros formularios que son se\u00f1alados como obligatorios, deber\u00e1n necesariamente ser cumplimentados para poder tramitar sus solicitudes.<\/p>\n<ol>\n<li><strong><span style=\"color: #000000;\">\u00bfQui\u00e9n es el responsable del tratamiento de sus datos?<\/span> <\/strong>El responsable del tratamiento de los datos personales recogidos en esta web es Amadip.Esment Fundaci\u00f3n, con domicilio en Carrer d\u00b4En bosc 1, 07002 Palma (Illes Balears). Puede contactar con nuestro Delegado de Protecci\u00f3n de Datos en <a href=\"mailto:dpd@esment.org\">dpd@esment.org <\/a><\/li>\n<li><strong style=\"background-color: rgba(255, 255, 255, 0); color: var(--body_typography-color); font-family: var(--body_typography-font-family); font-size: var(--body_typography-font-size); font-style: var(--body_typography-font-style,normal); letter-spacing: var(--body_typography-letter-spacing);\"><span style=\"color: #000000;\">\u00bfPara qu\u00e9 trataremos sus datos y sobre qu\u00e9 base jur\u00eddica?<\/span><br \/>\n<\/strong><strong style=\"background-color: rgba(255, 255, 255, 0); color: var(--body_typography-color); font-family: var(--body_typography-font-family); font-size: var(--body_typography-font-size); font-style: var(--body_typography-font-style,normal); letter-spacing: var(--body_typography-letter-spacing);\"><br \/>\n<span style=\"color: #000000;\">Gesti\u00f3n de la relaci\u00f3n con los clientes y usuarios<\/span>: <\/strong><span style=\"background-color: rgba(255, 255, 255, 0); color: var(--body_typography-color); font-family: var(--body_typography-font-family); font-size: var(--body_typography-font-size); font-style: var(--body_typography-font-style,normal); font-weight: var(--body_typography-font-weight); letter-spacing: var(--body_typography-letter-spacing);\">Tratamos los datos que nuestros clientes y usuarios proporcionen en sus consultas y en los formularios de alta o contrataci\u00f3n para atender sus solicitudes, prestar los servicios contratados o gestionar la venta y entrega de los productos comprados.<br \/>\n<\/span>Los datos de las transacciones realizadas en la web ser\u00e1n igualmente tratados para fines de gesti\u00f3n contable y administrativa y el cumplimiento de nuestras obligaciones legales en materia contable y fiscal.<br \/>\nEstos tratamientos son necesarios para la ejecuci\u00f3n del contrato o para la aplicaci\u00f3n de medidas precontractuales a propia petici\u00f3n de los interesados.<br \/>\n<strong style=\"background-color: rgba(255, 255, 255, 0); color: var(--body_typography-color); font-family: var(--body_typography-font-family); font-size: var(--body_typography-font-size); font-style: var(--body_typography-font-style,normal); letter-spacing: var(--body_typography-letter-spacing);\"><br \/>\n<span style=\"color: #000000;\">Publicaci\u00f3n de comentario<\/span>s:<\/strong><span style=\"background-color: rgba(255, 255, 255, 0); color: var(--body_typography-color); font-family: var(--body_typography-font-family); font-size: var(--body_typography-font-size); font-style: var(--body_typography-font-style,normal); font-weight: var(--body_typography-font-weight); letter-spacing: var(--body_typography-letter-spacing);\"> Los datos facilitados en el formulario de publicaci\u00f3n de comentarios ser\u00e1n tratados para la administraci\u00f3n de esta funcionalidad. El nombre, el comentario y, en su caso, la web que haya indicado ser\u00e1n publicados en la web. Le recomendamos tenga especial cautela cuando decida publicar comentarios o compartir su informaci\u00f3n personal.<br \/>\n<\/span><br \/>\nSe solicita su direcci\u00f3n de correo electr\u00f3nico para poder contestarle en caso de que as\u00ed lo haya solicitado en el mismo. Suprimiremos este dato una vez revisado su comentario y en su caso contestado al mismo.Estos tratamientos son necesarios para la prestaci\u00f3n del servicio solicitado.<br \/>\n<strong style=\"background-color: rgba(255, 255, 255, 0); color: var(--body_typography-color); font-family: var(--body_typography-font-family); font-size: var(--body_typography-font-size); font-style: var(--body_typography-font-style,normal); letter-spacing: var(--body_typography-letter-spacing);\"><br \/>\n<span style=\"color: #000000;\">Fines estad\u00edsticos y de gesti\u00f3n de calidad<\/span>:<\/strong><span style=\"background-color: rgba(255, 255, 255, 0); color: var(--body_typography-color); font-family: var(--body_typography-font-family); font-size: var(--body_typography-font-size); font-style: var(--body_typography-font-style,normal); font-weight: var(--body_typography-font-weight); letter-spacing: var(--body_typography-letter-spacing);\"> Con el fin de evaluar y gestionar la calidad de nuestros servicios y productos realizamos estad\u00edsticas a partir de datos agregados obtenidos de los datos de navegaci\u00f3n de nuestros visitantes, p. ej. direcci\u00f3n IP, weblogs, p\u00e1ginas visitadas o acciones realizadas en la Web (+ info en nuestra pol\u00edtica de cookies).<br \/>\n<\/span><br \/>\nEste tratamiento se basa en nuestro inter\u00e9s leg\u00edtimo para evaluar y gestionar la calidad de nuestros servicios y productos. Para la ponderaci\u00f3n de este inter\u00e9s respecto a sus derechos y libertades se ha determinado que el tratamiento ten\u00eda un impacto limitado en la privacidad de los interesados, correspond\u00eda a expectativas razonables de los mismos y no planteaba amenazas significativas.<br \/>\n<strong style=\"background-color: rgba(255, 255, 255, 0); color: var(--body_typography-color); font-family: var(--body_typography-font-family); font-size: var(--body_typography-font-size); font-style: var(--body_typography-font-style,normal); letter-spacing: var(--body_typography-letter-spacing);\"><br \/>\n<span style=\"color: #000000;\">Env\u00edo de comunicaciones comerciales y gesti\u00f3n de listas de distribuci\u00f3n<\/span>: <\/strong><span style=\"background-color: rgba(255, 255, 255, 0); color: var(--body_typography-color); font-family: var(--body_typography-font-family); font-size: var(--body_typography-font-size); font-style: var(--body_typography-font-style,normal); font-weight: var(--body_typography-font-weight); letter-spacing: var(--body_typography-letter-spacing);\">Tratamos los datos identificativos y de contacto proporcionados por nuestros clientes y por las personas que se den de alta en nuestras listas de distribuci\u00f3n para enviarles comunicaciones relativas a nuestras actividades, productos y servicios.<br \/>\n<\/span><br \/>\nPara gestionar nuestras listas de distribuci\u00f3n realizamos una segmentaci\u00f3n de los destinatarios de nuestras comunicaciones en funci\u00f3n del sector al que pertenecen y el tipo de relaci\u00f3n que mantienen con nosotros. Este tratamiento consiste en una simple clasificaci\u00f3n seg\u00fan criterios objetivos y no tiene por finalidad la realizaci\u00f3n de perfiles comerciales, de predicciones o de an\u00e1lisis comportamentales.<\/p>\n<p>Estos tratamientos se basan en el consentimiento que se le solicita. No prestar su consentimiento o retirarlo no condiciona la ejecuci\u00f3n del pedido o la prestaci\u00f3n de los servicios contratados.<br \/>\nEn cualquier momento podr\u00e1 solicitar su baja de los tratamientos con fines comerciales activando el enlace previsto a tal fin en nuestras comunicaciones o enviando un email a: <a style=\"background-color: rgba(255, 255, 255, 0); font-family: var(--body_typography-font-family); font-size: var(--body_typography-font-size); font-style: var(--body_typography-font-style,normal); font-weight: var(--body_typography-font-weight); letter-spacing: var(--body_typography-letter-spacing);\" href=\"mailto:comunicacio@esment.org\">comunicacio@esment.org<\/a><\/p>\n<p>El proveedor de nuestra plataforma de emailing se encuentra en EE.UU. Las condiciones contractuales aplicables a este servicio incluyen las cl\u00e1usulas tipo aprobadas por la Comisi\u00f3n Europea para garantizar un nivel de protecci\u00f3n adecuado de los datos personales transferidos a este encargado del tratamiento. Puede consultar estas condiciones en el siguiente enlace <a style=\"background-color: rgba(255, 255, 255, 0); font-family: var(--body_typography-font-family); font-size: var(--body_typography-font-size); font-style: var(--body_typography-font-style,normal); font-weight: var(--body_typography-font-weight); letter-spacing: var(--body_typography-letter-spacing);\" href=\"https:\/\/mailchimp.com\/legal\/data-processing-addendum\/\">https:\/\/mailchimp.com\/legal\/data-processing-addendum\/<\/a><span style=\"background-color: rgba(255, 255, 255, 0); color: var(--body_typography-color); font-family: var(--body_typography-font-family); font-size: var(--body_typography-font-size); font-style: var(--body_typography-font-style,normal); font-weight: var(--body_typography-font-weight); letter-spacing: var(--body_typography-letter-spacing);\"> (en ingl\u00e9s).<\/span><\/li>\n<\/ol>\n<ol start=\"3\">\n<li><strong style=\"color: #000000;\">\u00bfA qui\u00e9n podemos comunicar sus datos?<\/strong> Sus datos s\u00f3lo ser\u00e1n comunicados a terceros por obligaci\u00f3n legal, con su consentimiento o cuando su petici\u00f3n implique tal comunicaci\u00f3n.<\/li>\n<li><strong style=\"color: #000000;\">\u00bfCu\u00e1nto tiempo conservaremos sus datos?<\/strong> De manera general conservaremos sus datos durante la vigencia de la relaci\u00f3n que mantiene con nosotros y en todo caso durante los plazos previstos en las disposiciones legales aplicables, por ejemplo, en materia contable y fiscal, y durante el tiempo necesario para atender a posibles responsabilidades nacidas del tratamiento. Cancelaremos sus datos cuando hayan dejado de ser necesarios o pertinentes para las finalidades para las cuales fueron recabados. Los datos tratados para enviar nuestras comunicaciones informativas y comerciales se conservar\u00e1n activos mientras no solicite su supresi\u00f3n.<\/li>\n<li><strong><span style=\"color: #050404;\">\u00bfCu\u00e1les son sus derechos?<\/span> <\/strong>Tiene derecho a obtener confirmaci\u00f3n de si estamos tratando o no sus datos personales y, en tal caso, acceder a los mismos. Puede igualmente pedir que sus datos sean rectificados cuando sean inexactos o a que se completen los datos que sean incompletos, as\u00ed como solicitar su supresi\u00f3n cuando, entre otros motivos, los datos ya no sean necesarios para los fines para los que fueron recogidos.En determinadas circunstancias, podr\u00e1 solicitar la limitaci\u00f3n del tratamiento de sus datos. En tal caso, s\u00f3lo trataremos los datos afectados para la formulaci\u00f3n, el ejercicio o la defensa de reclamaciones o con miras a la protecci\u00f3n de los derechos de otras personas. En determinadas condiciones y por motivos relacionados con su situaci\u00f3n particular, podr\u00e1 igualmente oponerse al tratamiento de sus datos. En este caso, dejaremos de tratar los datos salvo por motivos leg\u00edtimos imperiosos que prevalezcan sobre sus intereses o derechos y libertades, o para la formulaci\u00f3n, el ejercicio o la defensa de reclamaciones. As\u00ed mismo y bajo ciertas condiciones podr\u00e1 solicitar la portabilidad de sus datos para que sean transmitidos a otro responsable del tratamiento.\n<p>Puede revocar el consentimiento que hubiese prestado para determinadas finalidades, sin que ello afecte a la licitud del tratamiento basado en el consentimiento previo a su retirada, y presentar una reclamaci\u00f3n ante la Agencia Espa\u00f1ola de Protecci\u00f3n de Datos.<\/p>\n<p>Para solicitar su baja de los tratamientos con fines comerciales puede enviar un email a la siguiente direcci\u00f3n de correo electr\u00f3nico: <a href=\"mailto:comunicacio@esment.org\">comunicacio@esment.org<\/a><\/p>\n<p>Para ejercer sus derechos deber\u00e1 remitirnos una solicitud por correo postal o electr\u00f3nico a las direcciones indicadas en el apartado \u00bfQui\u00e9n es el responsable del tratamiento de sus datos?<br \/>\nPodr\u00e1 obtener m\u00e1s informaci\u00f3n sobre sus derechos y c\u00f3mo ejercerlos en la p\u00e1gina de la Agencia Espa\u00f1ola de Protecci\u00f3n de Datos en <a href=\"http:\/\/www.aepd.es\" target=\"_blank\" rel=\"noopener noreferrer\">www.aepd.es<\/a>.<\/li>\n<\/ol>\n<\/div><\/div><\/div><\/div><\/div>\n","protected":false},"excerpt":{"rendered":"","protected":false},"author":1,"featured_media":0,"parent":0,"menu_order":0,"comment_status":"closed","ping_status":"closed","template":"","meta":{"_acf_changed":false,"_monsterinsights_skip_tracking":false,"_monsterinsights_sitenote_active":false,"_monsterinsights_sitenote_note":"","_monsterinsights_sitenote_category":0,"footnotes":""},"class_list":["post-23412","page","type-page","status-publish","hentry"],"acf":[],"yoast_head":"<!-- This site is optimized with the Yoast SEO plugin v27.4 - https:\/\/yoast.com\/product\/yoast-seo-wordpress\/ -->\n<title>Pol\u00edtica de privacidad - Caf\u00e8 es pes de sa palla<\/title>\n<meta name=\"robots\" content=\"index, follow, max-snippet:-1, max-image-preview:large, max-video-preview:-1\" \/>\n<link rel=\"canonical\" href=\"https:\/\/para-llevar.esment.org\/cafe-es-pes-de-sa-palla\/politica-de-privacidad\/\" \/>\n<meta property=\"og:locale\" content=\"en_US\" \/>\n<meta property=\"og:type\" content=\"article\" \/>\n<meta property=\"og:title\" content=\"Pol\u00edtica de privacidad - Caf\u00e8 es pes de sa palla\" \/>\n<meta property=\"og:url\" content=\"https:\/\/para-llevar.esment.org\/cafe-es-pes-de-sa-palla\/politica-de-privacidad\/\" \/>\n<meta property=\"og:site_name\" content=\"Caf\u00e8 es pes de sa palla\" \/>\n<meta property=\"article:publisher\" content=\"https:\/\/www.facebook.com\/esmentcomunidad\" \/>\n<meta property=\"article:modified_time\" content=\"2021-03-02T21:59:00+00:00\" \/>\n<meta name=\"twitter:card\" content=\"summary_large_image\" \/>\n<meta name=\"twitter:site\" content=\"@esmentcomunidad\" \/>\n<meta name=\"twitter:label1\" content=\"Est. reading time\" \/>\n\t<meta name=\"twitter:data1\" content=\"8 minutes\" \/>\n<script type=\"application\/ld+json\" class=\"yoast-schema-graph\">{\"@context\":\"https:\\\/\\\/schema.org\",\"@graph\":[{\"@type\":\"WebPage\",\"@id\":\"https:\\\/\\\/para-llevar.esment.org\\\/cafe-es-pes-de-sa-palla\\\/politica-de-privacidad\\\/\",\"url\":\"https:\\\/\\\/para-llevar.esment.org\\\/cafe-es-pes-de-sa-palla\\\/politica-de-privacidad\\\/\",\"name\":\"Pol\u00edtica de privacidad - Caf\u00e8 es pes de sa palla\",\"isPartOf\":{\"@id\":\"https:\\\/\\\/para-llevar.esment.org\\\/cafe-es-pes-de-sa-palla\\\/#website\"},\"datePublished\":\"2021-01-20T22:45:13+00:00\",\"dateModified\":\"2021-03-02T21:59:00+00:00\",\"breadcrumb\":{\"@id\":\"https:\\\/\\\/para-llevar.esment.org\\\/cafe-es-pes-de-sa-palla\\\/politica-de-privacidad\\\/#breadcrumb\"},\"inLanguage\":\"en-US\",\"potentialAction\":[{\"@type\":\"ReadAction\",\"target\":[\"https:\\\/\\\/para-llevar.esment.org\\\/cafe-es-pes-de-sa-palla\\\/politica-de-privacidad\\\/\"]}]},{\"@type\":\"BreadcrumbList\",\"@id\":\"https:\\\/\\\/para-llevar.esment.org\\\/cafe-es-pes-de-sa-palla\\\/politica-de-privacidad\\\/#breadcrumb\",\"itemListElement\":[{\"@type\":\"ListItem\",\"position\":1,\"name\":\"Portada\",\"item\":\"https:\\\/\\\/para-llevar.esment.org\\\/cafe-es-pes-de-sa-palla\\\/\"},{\"@type\":\"ListItem\",\"position\":2,\"name\":\"Pol\u00edtica de privacidad\"}]},{\"@type\":\"WebSite\",\"@id\":\"https:\\\/\\\/para-llevar.esment.org\\\/cafe-es-pes-de-sa-palla\\\/#website\",\"url\":\"https:\\\/\\\/para-llevar.esment.org\\\/cafe-es-pes-de-sa-palla\\\/\",\"name\":\"Caf\u00e8 es pes de sa palla\",\"description\":\"Caf\u00e8 es pes de sa palla\",\"publisher\":{\"@id\":\"https:\\\/\\\/para-llevar.esment.org\\\/cafe-es-pes-de-sa-palla\\\/#organization\"},\"potentialAction\":[{\"@type\":\"SearchAction\",\"target\":{\"@type\":\"EntryPoint\",\"urlTemplate\":\"https:\\\/\\\/para-llevar.esment.org\\\/cafe-es-pes-de-sa-palla\\\/?s={search_term_string}\"},\"query-input\":{\"@type\":\"PropertyValueSpecification\",\"valueRequired\":true,\"valueName\":\"search_term_string\"}}],\"inLanguage\":\"en-US\"},{\"@type\":\"Organization\",\"@id\":\"https:\\\/\\\/para-llevar.esment.org\\\/cafe-es-pes-de-sa-palla\\\/#organization\",\"name\":\"Caf\u00e8 es pes de sa palla\",\"url\":\"https:\\\/\\\/para-llevar.esment.org\\\/cafe-es-pes-de-sa-palla\\\/\",\"logo\":{\"@type\":\"ImageObject\",\"inLanguage\":\"en-US\",\"@id\":\"https:\\\/\\\/para-llevar.esment.org\\\/cafe-es-pes-de-sa-palla\\\/#\\\/schema\\\/logo\\\/image\\\/\",\"url\":\"https:\\\/\\\/para-llevar.esment.org\\\/cafe-es-pes-de-sa-palla\\\/wp-content\\\/uploads\\\/sites\\\/7\\\/2020\\\/10\\\/logoAlimentacion.png\",\"contentUrl\":\"https:\\\/\\\/para-llevar.esment.org\\\/cafe-es-pes-de-sa-palla\\\/wp-content\\\/uploads\\\/sites\\\/7\\\/2020\\\/10\\\/logoAlimentacion.png\",\"width\":200,\"height\":50,\"caption\":\"Caf\u00e8 es pes de sa palla\"},\"image\":{\"@id\":\"https:\\\/\\\/para-llevar.esment.org\\\/cafe-es-pes-de-sa-palla\\\/#\\\/schema\\\/logo\\\/image\\\/\"},\"sameAs\":[\"https:\\\/\\\/www.facebook.com\\\/esmentcomunidad\",\"https:\\\/\\\/x.com\\\/esmentcomunidad\",\"https:\\\/\\\/www.youtube.com\\\/user\\\/amadipesment\",\"https:\\\/\\\/www.instagram.com\\\/esmentalimentacio\\\/\"]}]}<\/script>\n<!-- \/ Yoast SEO plugin. -->","yoast_head_json":{"title":"Pol\u00edtica de privacidad - Caf\u00e8 es pes de sa palla","robots":{"index":"index","follow":"follow","max-snippet":"max-snippet:-1","max-image-preview":"max-image-preview:large","max-video-preview":"max-video-preview:-1"},"canonical":"https:\/\/para-llevar.esment.org\/cafe-es-pes-de-sa-palla\/politica-de-privacidad\/","og_locale":"en_US","og_type":"article","og_title":"Pol\u00edtica de privacidad - Caf\u00e8 es pes de sa palla","og_url":"https:\/\/para-llevar.esment.org\/cafe-es-pes-de-sa-palla\/politica-de-privacidad\/","og_site_name":"Caf\u00e8 es pes de sa palla","article_publisher":"https:\/\/www.facebook.com\/esmentcomunidad","article_modified_time":"2021-03-02T21:59:00+00:00","twitter_card":"summary_large_image","twitter_site":"@esmentcomunidad","twitter_misc":{"Est. reading time":"8 minutes"},"schema":{"@context":"https:\/\/schema.org","@graph":[{"@type":"WebPage","@id":"https:\/\/para-llevar.esment.org\/cafe-es-pes-de-sa-palla\/politica-de-privacidad\/","url":"https:\/\/para-llevar.esment.org\/cafe-es-pes-de-sa-palla\/politica-de-privacidad\/","name":"Pol\u00edtica de privacidad - Caf\u00e8 es pes de sa palla","isPartOf":{"@id":"https:\/\/para-llevar.esment.org\/cafe-es-pes-de-sa-palla\/#website"},"datePublished":"2021-01-20T22:45:13+00:00","dateModified":"2021-03-02T21:59:00+00:00","breadcrumb":{"@id":"https:\/\/para-llevar.esment.org\/cafe-es-pes-de-sa-palla\/politica-de-privacidad\/#breadcrumb"},"inLanguage":"en-US","potentialAction":[{"@type":"ReadAction","target":["https:\/\/para-llevar.esment.org\/cafe-es-pes-de-sa-palla\/politica-de-privacidad\/"]}]},{"@type":"BreadcrumbList","@id":"https:\/\/para-llevar.esment.org\/cafe-es-pes-de-sa-palla\/politica-de-privacidad\/#breadcrumb","itemListElement":[{"@type":"ListItem","position":1,"name":"Portada","item":"https:\/\/para-llevar.esment.org\/cafe-es-pes-de-sa-palla\/"},{"@type":"ListItem","position":2,"name":"Pol\u00edtica de privacidad"}]},{"@type":"WebSite","@id":"https:\/\/para-llevar.esment.org\/cafe-es-pes-de-sa-palla\/#website","url":"https:\/\/para-llevar.esment.org\/cafe-es-pes-de-sa-palla\/","name":"Caf\u00e8 es pes de sa palla","description":"Caf\u00e8 es pes de sa palla","publisher":{"@id":"https:\/\/para-llevar.esment.org\/cafe-es-pes-de-sa-palla\/#organization"},"potentialAction":[{"@type":"SearchAction","target":{"@type":"EntryPoint","urlTemplate":"https:\/\/para-llevar.esment.org\/cafe-es-pes-de-sa-palla\/?s={search_term_string}"},"query-input":{"@type":"PropertyValueSpecification","valueRequired":true,"valueName":"search_term_string"}}],"inLanguage":"en-US"},{"@type":"Organization","@id":"https:\/\/para-llevar.esment.org\/cafe-es-pes-de-sa-palla\/#organization","name":"Caf\u00e8 es pes de sa palla","url":"https:\/\/para-llevar.esment.org\/cafe-es-pes-de-sa-palla\/","logo":{"@type":"ImageObject","inLanguage":"en-US","@id":"https:\/\/para-llevar.esment.org\/cafe-es-pes-de-sa-palla\/#\/schema\/logo\/image\/","url":"https:\/\/para-llevar.esment.org\/cafe-es-pes-de-sa-palla\/wp-content\/uploads\/sites\/7\/2020\/10\/logoAlimentacion.png","contentUrl":"https:\/\/para-llevar.esment.org\/cafe-es-pes-de-sa-palla\/wp-content\/uploads\/sites\/7\/2020\/10\/logoAlimentacion.png","width":200,"height":50,"caption":"Caf\u00e8 es pes de sa palla"},"image":{"@id":"https:\/\/para-llevar.esment.org\/cafe-es-pes-de-sa-palla\/#\/schema\/logo\/image\/"},"sameAs":["https:\/\/www.facebook.com\/esmentcomunidad","https:\/\/x.com\/esmentcomunidad","https:\/\/www.youtube.com\/user\/amadipesment","https:\/\/www.instagram.com\/esmentalimentacio\/"]}]}},"jetpack_sharing_enabled":true,"_links":{"self":[{"href":"https:\/\/para-llevar.esment.org\/cafe-es-pes-de-sa-palla\/wp-json\/wp\/v2\/pages\/23412","targetHints":{"allow":["GET"]}}],"collection":[{"href":"https:\/\/para-llevar.esment.org\/cafe-es-pes-de-sa-palla\/wp-json\/wp\/v2\/pages"}],"about":[{"href":"https:\/\/para-llevar.esment.org\/cafe-es-pes-de-sa-palla\/wp-json\/wp\/v2\/types\/page"}],"author":[{"embeddable":true,"href":"https:\/\/para-llevar.esment.org\/cafe-es-pes-de-sa-palla\/wp-json\/wp\/v2\/users\/1"}],"replies":[{"embeddable":true,"href":"https:\/\/para-llevar.esment.org\/cafe-es-pes-de-sa-palla\/wp-json\/wp\/v2\/comments?post=23412"}],"version-history":[{"count":5,"href":"https:\/\/para-llevar.esment.org\/cafe-es-pes-de-sa-palla\/wp-json\/wp\/v2\/pages\/23412\/revisions"}],"predecessor-version":[{"id":23540,"href":"https:\/\/para-llevar.esment.org\/cafe-es-pes-de-sa-palla\/wp-json\/wp\/v2\/pages\/23412\/revisions\/23540"}],"wp:attachment":[{"href":"https:\/\/para-llevar.esment.org\/cafe-es-pes-de-sa-palla\/wp-json\/wp\/v2\/media?parent=23412"}],"curies":[{"name":"wp","href":"https:\/\/api.w.org\/{rel}","templated":true}]}}